{"id":467,"date":"2023-03-02T23:09:06","date_gmt":"2023-03-02T22:09:06","guid":{"rendered":"https:\/\/webshop.marcella-carin.de\/?post_type=product&#038;p=467"},"modified":"2025-10-15T22:58:30","modified_gmt":"2025-10-15T20:58:30","slug":"california-blue-duo-mit-janis-nikos-single-cd","status":"publish","type":"product","link":"https:\/\/webshop-marcella-carin.de\/?product=california-blue-duo-mit-janis-nikos-single-cd","title":{"rendered":"California Blue &#8211; Duett mit Janis Nikos (Single CD)"},"content":{"rendered":"<p class=\"visible full-visible\">Nachdem wir uns bereits seit Jahren von der Showb\u00fchne kennen, freuen wir uns sehr dar\u00fcber, euch unseren ersten gemeinsamen Titel vorstellen zu d\u00fcrfen:<\/p>\n<p class=\"visible full-visible\"><strong>\u201eCalifornia Blue\u201c<\/strong><\/p>\n<p class=\"visible full-visible\">Dieser Song, der schon vor \u00fcber 30 Jahren die Charts erobert hat, hat es uns angetan. Er spiegelt nicht nur die\u00a0 farbenpr\u00e4chtige und vielf\u00e4ltige Welt Kaliforniens wieder, sondern auch unsere Leidenschaft zur Musik, die uns besonders verbindet!<\/p>\n<p class=\"visible full-visible\">Viel Spa\u00df!<\/p>\n","protected":false},"excerpt":{"rendered":"<p>Nachdem wir uns bereits seit Jahren von der Showb\u00fchne kennen, freuen wir uns sehr dar\u00fcber, euch unseren ersten gemeinsamen Titel vorstellen zu d\u00fcrfen: \u201eCalifornia Blue\u201c Dieser Song, der schon vor \u00fcber 30 Jahren die Charts erobert hat, hat es uns angetan. Er spiegelt nicht nur die\u00a0 farbenpr\u00e4chtige und vielf\u00e4ltige Welt Kaliforniens wieder, sondern auch unsere [&hellip;]<\/p>\n","protected":false},"featured_media":468,"comment_status":"open","ping_status":"closed","template":"","meta":[],"product_brand":[],"product_cat":[16],"product_tag":[],"class_list":{"0":"post-467","1":"product","2":"type-product","3":"status-publish","4":"has-post-thumbnail","6":"product_cat-cds","8":"first","9":"instock","10":"taxable","11":"shipping-taxable","12":"purchasable","13":"product-type-simple"},"jetpack_sharing_enabled":true,"_links":{"self":[{"href":"https:\/\/webshop-marcella-carin.de\/index.php?rest_route=\/wp\/v2\/product\/467"}],"collection":[{"href":"https:\/\/webshop-marcella-carin.de\/index.php?rest_route=\/wp\/v2\/product"}],"about":[{"href":"https:\/\/webshop-marcella-carin.de\/index.php?rest_route=\/wp\/v2\/types\/product"}],"replies":[{"embeddable":true,"href":"https:\/\/webshop-marcella-carin.de\/index.php?rest_route=%2Fwp%2Fv2%2Fcomments&post=467"}],"wp:featuredmedia":[{"embeddable":true,"href":"https:\/\/webshop-marcella-carin.de\/index.php?rest_route=\/wp\/v2\/media\/468"}],"wp:attachment":[{"href":"https:\/\/webshop-marcella-carin.de\/index.php?rest_route=%2Fwp%2Fv2%2Fmedia&parent=467"}],"wp:term":[{"taxonomy":"product_brand","embeddable":true,"href":"https:\/\/webshop-marcella-carin.de\/index.php?rest_route=%2Fwp%2Fv2%2Fproduct_brand&post=467"},{"taxonomy":"product_cat","embeddable":true,"href":"https:\/\/webshop-marcella-carin.de\/index.php?rest_route=%2Fwp%2Fv2%2Fproduct_cat&post=467"},{"taxonomy":"product_tag","embeddable":true,"href":"https:\/\/webshop-marcella-carin.de\/index.php?rest_route=%2Fwp%2Fv2%2Fproduct_tag&post=467"}],"curies":[{"name":"wp","href":"https:\/\/api.w.org\/{rel}","templated":true}]}}