{"id":196,"date":"2021-05-27T08:00:10","date_gmt":"2021-05-27T06:00:10","guid":{"rendered":"https:\/\/webshop.marcella-carin.de\/?post_type=product&#038;p=196"},"modified":"2025-10-15T23:04:23","modified_gmt":"2025-10-15T21:04:23","slug":"fluegelschlaege-der-liebe-single-1-track","status":"publish","type":"product","link":"https:\/\/webshop-marcella-carin.de\/?product=fluegelschlaege-der-liebe-single-1-track","title":{"rendered":"Fl\u00fcgelschl\u00e4ge der Liebe <br> (Single CD)"},"content":{"rendered":"<p>Auf dem Weg zu einem neuen Album, das f\u00fcr Ende September 2021 geplant ist, wurde jetzt Ende Mai 2021 der Titel \u201cFl\u00fcgelschl\u00e4ge der Liebe\u201d aus gekoppelt. Diesen Track findet Ihr auf allen g\u00e4ngigen Download- und Streamingportalen.<\/p>\n<p>Dieser Titel wird nat\u00fcrlich auf dem &#8222;Album 2021&#8220; mit drauf sein, neben vielen anderen Neuen.<\/p>\n<p>F\u00fcr diejenigen, die nicht so lange warten wollen, bis das Album erscheint, haben wir eine limitierte Auflage an physischen Tontr\u00e4gern (als Single) herstellen lassen. Diese Single k\u00f6nnt Ihr in meinem Webshop\u00a0 bestellen. <strong>Dieses Angebot gilt nur so lange, bis die Single ausverkauft ist.<\/strong><\/p>\n","protected":false},"excerpt":{"rendered":"<p>Fl\u00fcgelschl\u00e4ge der Liebe \u2026<br \/>\ndieser neue Song nimmt sie mit auf eine unerwartete und offene Reise, bei der Raum und Zeit keine Rolle mehr spielen. Er beschreibt mit Begeisterung die sanften Impulse der Liebe, die alles in Bewegung setzen und so Sehns\u00fcchte und Tr\u00e4ume wahr werden lassen.<\/p>\n","protected":false},"featured_media":197,"comment_status":"open","ping_status":"closed","template":"","meta":[],"product_brand":[],"product_cat":[16],"product_tag":[21],"class_list":{"0":"post-196","1":"product","2":"type-product","3":"status-publish","4":"has-post-thumbnail","6":"product_cat-cds","7":"product_tag-cd","8":"product_shipping_class-postbrief","10":"first","11":"instock","12":"featured","13":"taxable","14":"shipping-taxable","15":"purchasable","16":"product-type-simple"},"jetpack_sharing_enabled":true,"_links":{"self":[{"href":"https:\/\/webshop-marcella-carin.de\/index.php?rest_route=\/wp\/v2\/product\/196"}],"collection":[{"href":"https:\/\/webshop-marcella-carin.de\/index.php?rest_route=\/wp\/v2\/product"}],"about":[{"href":"https:\/\/webshop-marcella-carin.de\/index.php?rest_route=\/wp\/v2\/types\/product"}],"replies":[{"embeddable":true,"href":"https:\/\/webshop-marcella-carin.de\/index.php?rest_route=%2Fwp%2Fv2%2Fcomments&post=196"}],"wp:featuredmedia":[{"embeddable":true,"href":"https:\/\/webshop-marcella-carin.de\/index.php?rest_route=\/wp\/v2\/media\/197"}],"wp:attachment":[{"href":"https:\/\/webshop-marcella-carin.de\/index.php?rest_route=%2Fwp%2Fv2%2Fmedia&parent=196"}],"wp:term":[{"taxonomy":"product_brand","embeddable":true,"href":"https:\/\/webshop-marcella-carin.de\/index.php?rest_route=%2Fwp%2Fv2%2Fproduct_brand&post=196"},{"taxonomy":"product_cat","embeddable":true,"href":"https:\/\/webshop-marcella-carin.de\/index.php?rest_route=%2Fwp%2Fv2%2Fproduct_cat&post=196"},{"taxonomy":"product_tag","embeddable":true,"href":"https:\/\/webshop-marcella-carin.de\/index.php?rest_route=%2Fwp%2Fv2%2Fproduct_tag&post=196"}],"curies":[{"name":"wp","href":"https:\/\/api.w.org\/{rel}","templated":true}]}}